{"id":827,"date":"2018-10-31T08:34:53","date_gmt":"2018-10-31T08:34:53","guid":{"rendered":"https:\/\/theaisle.qodeinteractive.com\/elementor\/?page_id=827"},"modified":"2025-03-01T16:18:12","modified_gmt":"2025-03-01T16:18:12","slug":"home","status":"publish","type":"page","link":"https:\/\/bodadeandreayjorge.es\/","title":{"rendered":"Save the date"},"content":{"rendered":"\t\t<div data-elementor-type=\"wp-page\" data-elementor-id=\"827\" class=\"elementor elementor-827\">\n\t\t\t\t\t\t<section class=\"elementor-section elementor-top-section elementor-element elementor-element-eabaaa9 elementor-section-boxed elementor-section-height-default elementor-section-height-default eltdf-parallax-row-no eltdf-content-aligment-left eltdf-elementor-row-grid-no eltdf-disabled-bg-image-bellow-no\" data-id=\"eabaaa9\" data-element_type=\"section\">\n\t\t\t\t\t\t<div class=\"elementor-container elementor-column-gap-default\">\n\t\t\t\t\t<div class=\"elementor-column elementor-col-100 elementor-top-column elementor-element elementor-element-342ca18\" data-id=\"342ca18\" data-element_type=\"column\">\n\t\t\t<div class=\"elementor-widget-wrap elementor-element-populated\">\n\t\t\t\t\t\t<div class=\"elementor-element elementor-element-a29a20f elementor-widget elementor-widget-slider_revolution\" data-id=\"a29a20f\" data-element_type=\"widget\" data-widget_type=\"slider_revolution.default\">\n\t\t\t\t<div class=\"elementor-widget-container\">\n\t\t\t\t\t\n\t\t<div class=\"wp-block-themepunch-revslider\">\n\t\t\t\t<p class=\"rs-p-wp-fix\"><\/p>\n\t\t\t\t<sr7-module data-alias=\"wedding-announcement-1\" data-id=\"9\" id=\"SR7_9_1\" class=\"rs-ov-hidden\" data-version=\"6.7.23\">\n\t\t\t\t\t<sr7-adjuster><\/sr7-adjuster>\n\t\t\t\t\t<sr7-content>\n\t\t\t\t\t\t<sr7-slide id=\"SR7_9_1-23\" data-key=\"23\">\n\t\t\t\t\t\t\t<sr7-bg id=\"SR7_9_1-23-1\" class=\"sr7-layer\"><noscript><img decoding=\"async\" src=\"https:\/\/bodadeandreayjorge.es\/wp-content\/uploads\/2025\/02\/image-7.webp\" alt=\"\" title=\"image (7)\"><\/noscript><\/sr7-bg>\n\t\t\t\t\t\t<\/sr7-slide>\n\t\t\t\t\t\t<sr7-slide id=\"SR7_9_1-29\" data-key=\"29\">\n\t\t\t\t\t\t\t<sr7-txt id=\"SR7_9_1-29-9\" class=\"sr7-layer\">Andrea & Jorge<\/sr7-txt>\n\t\t\t\t\t\t\t<sr7-txt id=\"SR7_9_1-29-10\" class=\"sr7-layer\">5 de julio de 2025<\/sr7-txt>\n\t\t\t\t\t\t\t<sr7-txt id=\"SR7_9_1-29-11\" class=\"sr7-layer\"><div class=\"eltdf-countdown   eltdf-light-skin\" id=\"countdown2713\" data-year=\"2025\" data-month=\"7\" data-day=\"5\" data-hour=\"0\" data-minute=\"0\" data-month-label=\"Months\" data-day-label=\"Days\" data-hour-label=\"Hours\" data-minute-label=\"Minutes\" data-second-label=\"Seconds\"  ><\/div>\n<\/sr7-txt>\n\t\t\t\t\t\t<\/sr7-slide>\n\t\t\t\t\t<\/sr7-content>\n\t\t\t\t\t<image_lists style=\"display:none\">\n\t\t\t\t\t\t<img data-src=\"\/\/bodadeandreayjorge.es\/wp-content\/uploads\/2025\/02\/image-7.webp\" data-libid=\"9065\" data-lib=\"medialibrary\" title=\"image (7)\" width=\"0\" height=\"0\" data-dbsrc=\"Ly9ib2RhZGVhbmRyZWF5am9yZ2UuZXMvd3AtY29udGVudC91cGxvYWRzLzIwMjUvMDIvaW1hZ2UtNy53ZWJw\"\/>\n\t\t\t\t\t\t<img data-src=\"\/\/bodadeandreayjorge.es\/wp-content\/uploads\/2018\/11\/h2-slide-2.jpg\" data-libid=\"3477\" alt=\"a\" title=\"h2-slide-2\" width=\"0\" height=\"0\" data-dbsrc=\"Ly9ib2RhZGVhbmRyZWF5am9yZ2UuZXMvd3AtY29udGVudC91cGxvYWRzLzIwMTgvMTEvaDItc2xpZGUtMi5qcGc=\"\/>\n\t\t\t\t\t\t<img data-src=\"\/\/bodadeandreayjorge.es\/wp-content\/uploads\/2018\/11\/h2-slide-3.jpg\" data-libid=\"3478\" alt=\"a\" title=\"h2-slide-3\" width=\"0\" height=\"0\" data-dbsrc=\"Ly9ib2RhZGVhbmRyZWF5am9yZ2UuZXMvd3AtY29udGVudC91cGxvYWRzLzIwMTgvMTEvaDItc2xpZGUtMy5qcGc=\"\/>\n\t\t\t\t\t<\/image_lists>\n\t\t\t\t<\/sr7-module>\n\t\t\t\t<script>\n\t\t\t\t\tSR7.PMH ??={}; SR7.PMH[\"SR7_9_1\"] = {cn:100,state:false,fn: function() { if (_tpt!==undefined && _tpt.prepareModuleHeight !== undefined) {  _tpt.prepareModuleHeight({id:\"SR7_9_1\",el:[750,750,600,600,500],type:'standard',shdw:'0',gh:[750,750,600,600,500],gw:[1300,1300,1100,600,300],vpt:['1%&#039;,&#039;1%&#039;,&#039;1%&#039;,&#039;1%&#039;,&#039;1%'],size:{fullWidth:true, fullHeight:true},fho:'',mh:'0',onh:0,onw:0,bg:{color:'{\"orig\":\"transparent\",\"type\":\"solid\",\"string\":\"transparent\"}'},plType:'-1',plColor:'#FFFFFF'});   SR7.PMH[\"SR7_9_1\"].state=true;} else if(SR7.PMH[\"SR7_9_1\"].cn-->0)\tsetTimeout( SR7.PMH[\"SR7_9_1\"].fn,19);}};SR7.PMH[\"SR7_9_1\" ].fn();\n\t\t\t\t<\/script>\n<\/div>\n\n\t\t\t\t\t\t<\/div>\n\t\t\t\t<\/div>\n\t\t\t\t\t<\/div>\n\t\t<\/div>\n\t\t\t\t\t<\/div>\n\t\t<\/section>\n\t\t\t\t<section class=\"elementor-section elementor-top-section elementor-element elementor-element-9a6d12e elementor-section-full_width elementor-section-height-default elementor-section-height-default eltdf-parallax-row-no eltdf-content-aligment-left eltdf-elementor-row-grid-no eltdf-disabled-bg-image-bellow-no\" data-id=\"9a6d12e\" data-element_type=\"section\">\n\t\t\t\t\t\t<div class=\"elementor-container elementor-column-gap-default\">\n\t\t\t\t\t<div class=\"elementor-column elementor-col-100 elementor-top-column elementor-element elementor-element-b5c54fb\" data-id=\"b5c54fb\" data-element_type=\"column\" data-settings=\"{&quot;background_background&quot;:&quot;classic&quot;}\">\n\t\t\t<div class=\"elementor-widget-wrap elementor-element-populated\">\n\t\t\t\t\t\t<div class=\"elementor-element elementor-element-1381c47 elementor-widget__width-auto elementor-widget elementor-widget-eltdf_single_image\" data-id=\"1381c47\" data-element_type=\"widget\" data-widget_type=\"eltdf_single_image.default\">\n\t\t\t\t<div class=\"elementor-widget-container\">\n\t\t\t\t\t<div class=\"eltdf-single-image-holder   \">\n    <div class=\"eltdf-si-inner\" >\n                                    <img loading=\"lazy\" decoding=\"async\" width=\"225\" height=\"300\" src=\"https:\/\/bodadeandreayjorge.es\/wp-content\/uploads\/2025\/02\/WhatsApp-Image-2025-02-15-at-11.56.18-225x300.jpeg\" class=\"attachment-medium size-medium\" alt=\"\" srcset=\"https:\/\/bodadeandreayjorge.es\/wp-content\/uploads\/2025\/02\/WhatsApp-Image-2025-02-15-at-11.56.18-225x300.jpeg 225w, https:\/\/bodadeandreayjorge.es\/wp-content\/uploads\/2025\/02\/WhatsApp-Image-2025-02-15-at-11.56.18-600x800.jpeg 600w, https:\/\/bodadeandreayjorge.es\/wp-content\/uploads\/2025\/02\/WhatsApp-Image-2025-02-15-at-11.56.18-768x1023.jpeg 768w, https:\/\/bodadeandreayjorge.es\/wp-content\/uploads\/2025\/02\/WhatsApp-Image-2025-02-15-at-11.56.18-1153x1536.jpeg 1153w, https:\/\/bodadeandreayjorge.es\/wp-content\/uploads\/2025\/02\/WhatsApp-Image-2025-02-15-at-11.56.18.jpeg 1200w\" sizes=\"(max-width: 225px) 100vw, 225px\" \/>                        <\/div>\n<\/div>\t\t\t\t<\/div>\n\t\t\t\t<\/div>\n\t\t\t\t<div class=\"elementor-element elementor-element-84e5304 elementor-widget elementor-widget-spacer\" data-id=\"84e5304\" data-element_type=\"widget\" data-widget_type=\"spacer.default\">\n\t\t\t\t<div class=\"elementor-widget-container\">\n\t\t\t\t\t\t\t<div class=\"elementor-spacer\">\n\t\t\t<div class=\"elementor-spacer-inner\"><\/div>\n\t\t<\/div>\n\t\t\t\t\t\t<\/div>\n\t\t\t\t<\/div>\n\t\t\t\t<div class=\"elementor-element elementor-element-b4c6144 elementor-widget__width-auto elementor-widget elementor-widget-eltdf_custom_font\" data-id=\"b4c6144\" data-element_type=\"widget\" data-widget_type=\"eltdf_custom_font.default\">\n\t\t\t\t<div class=\"elementor-widget-container\">\n\t\t\t\t\t<h2 class=\"eltdf-custom-font-holder  eltdf-cf-3861  \" style=\"font-family: LearningCurve;font-size: 48px;line-height: 48px;letter-spacing: 0px;text-transform: capitalize;margin: 0 0 -37px 0\" data-item-class=\"eltdf-cf-3861\">\n\tSave the date<\/h2>\t\t\t\t<\/div>\n\t\t\t\t<\/div>\n\t\t\t\t<div class=\"elementor-element elementor-element-1833b25 elementor-widget elementor-widget-spacer\" data-id=\"1833b25\" data-element_type=\"widget\" data-widget_type=\"spacer.default\">\n\t\t\t\t<div class=\"elementor-widget-container\">\n\t\t\t\t\t\t\t<div class=\"elementor-spacer\">\n\t\t\t<div class=\"elementor-spacer-inner\"><\/div>\n\t\t<\/div>\n\t\t\t\t\t\t<\/div>\n\t\t\t\t<\/div>\n\t\t\t\t<div class=\"elementor-element elementor-element-1fea70d elementor-widget__width-initial elementor-widget-mobile__width-initial elementor-widget elementor-widget-text-editor\" data-id=\"1fea70d\" data-element_type=\"widget\" data-widget_type=\"text-editor.default\">\n\t\t\t\t<div class=\"elementor-widget-container\">\n\t\t\t\t\t\t\t\t\t<p style=\"text-align: center;\">Tras un flechazo en Tarifa y despu\u00e9s de hacer rica a Volotea\u2026<br \/>\u00a1NOS CASAMOS!<br \/>Estamos deseando compartir con vosotros este momento tan especial. En esta p\u00e1gina encontrar\u00e9is toda la informaci\u00f3n necesaria, desde detalles sobre la ceremonia hasta recomendaciones para el alojamiento. Recuerda confirmar tu asistencia \u00a1Contamos contigo para celebrar una vida juntos!<\/p>\t\t\t\t\t\t\t\t<\/div>\n\t\t\t\t<\/div>\n\t\t\t\t\t<\/div>\n\t\t<\/div>\n\t\t\t\t\t<\/div>\n\t\t<\/section>\n\t\t\t\t<section class=\"elementor-section elementor-top-section elementor-element elementor-element-30ee257 eltdf-elementor-row-grid-section elementor-section-boxed elementor-section-height-default elementor-section-height-default eltdf-parallax-row-no eltdf-content-aligment-left eltdf-disabled-bg-image-bellow-no\" data-id=\"30ee257\" data-element_type=\"section\">\n\t\t\t\t\t\t<div class=\"elementor-container elementor-column-gap-default\">\n\t\t\t\t\t<div class=\"elementor-column elementor-col-100 elementor-top-column elementor-element elementor-element-dcbce8d\" data-id=\"dcbce8d\" data-element_type=\"column\">\n\t\t\t<div class=\"elementor-widget-wrap elementor-element-populated\">\n\t\t\t\t\t\t<div class=\"elementor-element elementor-element-358a5a2 elementor-widget elementor-widget-eltdf_section_title\" data-id=\"358a5a2\" data-element_type=\"widget\" data-widget_type=\"eltdf_section_title.default\">\n\t\t\t\t<div class=\"elementor-widget-container\">\n\t\t\t\t\t<div class=\"eltdf-section-title-holder  eltdf-st-standard eltdf-st-with-dots \" >\n\t<div class=\"eltdf-st-inner\">\n        <div class=\"eltdf-st-image\" >\n            <img loading=\"lazy\" decoding=\"async\" width=\"55\" height=\"63\" src=\"https:\/\/bodadeandreayjorge.es\/wp-content\/uploads\/2018\/10\/section-title-img-1.png\" class=\"attachment-full size-full\" alt=\"a\" \/>        <\/div>\n\t\t\t\t\t<h2 class=\"eltdf-st-title\" >\n\t\t\t\t<span class=\"eltdf-st-title-word\">Donde<\/span> <span class=\"eltdf-st-title-word\">&amp;<\/span> <span class=\"eltdf-st-title-word\">Cuando<\/span>\t\t\t<\/h2>\n\t\t\t\t\t\t\t<span class=\"eltdf-st-text\" style=\"line-height: 40px\">\n\t\t\t\tHabr\u00e1 servicio de autobuses desde la iglesia a Deloya Latores y para la vuelta de Deloya Latores a Oviedo, con parada en el Gran Hotel Espa\u00f1a\t\t\t<\/span>\n\t\t\t<\/div>\n<\/div>\t\t\t\t<\/div>\n\t\t\t\t<\/div>\n\t\t\t\t<section class=\"elementor-section elementor-inner-section elementor-element elementor-element-9f54518 elementor-section-content-middle eltdf-content-aligment-center eltdf-elementor-row-grid-section elementor-section-boxed elementor-section-height-default elementor-section-height-default eltdf-parallax-row-no eltdf-disabled-bg-image-bellow-no\" data-id=\"9f54518\" data-element_type=\"section\">\n\t\t\t\t\t\t<div class=\"elementor-container elementor-column-gap-default\">\n\t\t\t\t\t<div class=\"elementor-column elementor-col-33 elementor-inner-column elementor-element elementor-element-065dd41\" data-id=\"065dd41\" data-element_type=\"column\">\n\t\t\t<div class=\"elementor-widget-wrap elementor-element-populated\">\n\t\t\t\t\t\t<div class=\"elementor-element elementor-element-b252072 elementor-widget__width-inherit elementor-widget elementor-widget-eltdf_info_box\" data-id=\"b252072\" data-element_type=\"widget\" data-widget_type=\"eltdf_info_box.default\">\n\t\t\t\t<div class=\"elementor-widget-container\">\n\t\t\t\t\t<div class=\"eltdf-ib clearfix  shadow-enabled\" >\n\t<div class=\"eltdf-ib-icon\">\n                    <img loading=\"lazy\" decoding=\"async\" width=\"58\" height=\"57\" src=\"https:\/\/bodadeandreayjorge.es\/wp-content\/uploads\/2018\/10\/h2-icon-img-2.png\" class=\"attachment-full size-full\" alt=\"a\" \/>        \t<\/div>\n\t<div class=\"eltdf-ib-content\" >\n\t\t\t\t\t<h3 class=\"eltdf-ib-title\" >\n\t\t\t\t<span class=\"eltdf-ib-title-text\">Ceremonia<\/span>\n\t\t\t<\/h3>\n\t\t\t\t\t\t\t<p class=\"eltdf-ib-text\" >Iglesia de San Isidoro el Real<br>\nSabado 5 de julio de 2025\n<br>\n13:00H<\/p>\n\t\t\t\t            <a class=\"eltdf-btn eltdf-btn-simple\" itemprop=\"url\" href=\"https:\/\/www.google.com\/maps\/place\/Iglesia+de+San+Isidoro+El+Real\/@43.3604698,-5.8478946,810m\/data=!3m2!1e3!4b1!4m6!3m5!1s0xd368cef69c123c3:0x7e4804e06d9bac9c!8m2!3d43.3604698!4d-5.8453143!16s%2Fm%2F0c0219_?entry=ttu&#038;g_ep=EgoyMDI1MDIxMi4wIKXMDSoJLDEwMjExNDUzSAFQAw%3D%3D\" target=\"_blank\">\n                <span class=\"eltdf-btn-text\">Ver localizaci\u00f3n<\/span>\n                <span class=\"eltdf-btn-line\"><\/span>\n            <\/a>\n        \t<\/div>\n<\/div>\t\t\t\t<\/div>\n\t\t\t\t<\/div>\n\t\t\t\t\t<\/div>\n\t\t<\/div>\n\t\t\t\t<div class=\"elementor-column elementor-col-33 elementor-inner-column elementor-element elementor-element-cc658ac\" data-id=\"cc658ac\" data-element_type=\"column\">\n\t\t\t<div class=\"elementor-widget-wrap elementor-element-populated\">\n\t\t\t\t\t\t<div class=\"elementor-element elementor-element-e231570 elementor-widget__width-inherit elementor-widget elementor-widget-eltdf_info_box\" data-id=\"e231570\" data-element_type=\"widget\" data-widget_type=\"eltdf_info_box.default\">\n\t\t\t\t<div class=\"elementor-widget-container\">\n\t\t\t\t\t<div class=\"eltdf-ib clearfix  shadow-enabled\" >\n\t<div class=\"eltdf-ib-icon\">\n                    <img loading=\"lazy\" decoding=\"async\" width=\"78\" height=\"66\" src=\"https:\/\/bodadeandreayjorge.es\/wp-content\/uploads\/2018\/11\/landing-icon-2.png\" class=\"attachment-full size-full\" alt=\"\" \/>        \t<\/div>\n\t<div class=\"eltdf-ib-content\" >\n\t\t\t\t\t<h3 class=\"eltdf-ib-title\" >\n\t\t\t\t<span class=\"eltdf-ib-title-text\">Celebraci\u00f3n<\/span>\n\t\t\t<\/h3>\n\t\t\t\t\t\t\t<p class=\"eltdf-ib-text\" >Deloya Latores \n<br>\n14:30H \u2013 \u221e\n<\/p>\n\t\t\t\t            <a class=\"eltdf-btn eltdf-btn-simple\" itemprop=\"url\" href=\"https:\/\/maps.app.goo.gl\/hMXLqXZ7ET3BnGwGA?g_st=iw\" target=\"_blank\">\n                <span class=\"eltdf-btn-text\">Ver localizaci\u00f3n<\/span>\n                <span class=\"eltdf-btn-line\"><\/span>\n            <\/a>\n        \t<\/div>\n<\/div>\t\t\t\t<\/div>\n\t\t\t\t<\/div>\n\t\t\t\t\t<\/div>\n\t\t<\/div>\n\t\t\t\t<div class=\"elementor-column elementor-col-33 elementor-inner-column elementor-element elementor-element-974a454\" data-id=\"974a454\" data-element_type=\"column\">\n\t\t\t<div class=\"elementor-widget-wrap elementor-element-populated\">\n\t\t\t\t\t\t<div class=\"elementor-element elementor-element-a401dce elementor-widget elementor-widget-eltdf_info_box\" data-id=\"a401dce\" data-element_type=\"widget\" data-widget_type=\"eltdf_info_box.default\">\n\t\t\t\t<div class=\"elementor-widget-container\">\n\t\t\t\t\t<div class=\"eltdf-ib clearfix  shadow-enabled\" >\n\t<div class=\"eltdf-ib-icon\">\n                    <img loading=\"lazy\" decoding=\"async\" width=\"58\" height=\"57\" src=\"https:\/\/bodadeandreayjorge.es\/wp-content\/uploads\/2018\/10\/h2-icon-img-3.png\" class=\"attachment-full size-full\" alt=\"a\" \/>        \t<\/div>\n\t<div class=\"eltdf-ib-content\" >\n\t\t\t\t\t<h3 class=\"eltdf-ib-title\" >\n\t\t\t\t<span class=\"eltdf-ib-title-text\">Preboda<\/span>\n\t\t\t<\/h3>\n\t\t\t\t\t\t\t<p class=\"eltdf-ib-text\" >Aguaducho<br>\nViernes 4 de julio de 2025\n<br>\n20:30 PM \u2013 \u221e<\/p>\n\t\t\t\t            <a class=\"eltdf-btn eltdf-btn-simple\" itemprop=\"url\" href=\"https:\/\/maps.app.goo.gl\/GmDkN5maE6pbhbZbA?g_st=iw\" target=\"_blank\">\n                <span class=\"eltdf-btn-text\">Ver localizaci\u00f3n<\/span>\n                <span class=\"eltdf-btn-line\"><\/span>\n            <\/a>\n        \t<\/div>\n<\/div>\t\t\t\t<\/div>\n\t\t\t\t<\/div>\n\t\t\t\t\t<\/div>\n\t\t<\/div>\n\t\t\t\t\t<\/div>\n\t\t<\/section>\n\t\t\t\t\t<\/div>\n\t\t<\/div>\n\t\t\t\t\t<\/div>\n\t\t<\/section>\n\t\t\t\t<section class=\"elementor-section elementor-top-section elementor-element elementor-element-8bdbab1 eltdf-elementor-row-grid-section elementor-section-boxed elementor-section-height-default elementor-section-height-default eltdf-parallax-row-no eltdf-content-aligment-left eltdf-disabled-bg-image-bellow-no\" data-id=\"8bdbab1\" data-element_type=\"section\">\n\t\t\t\t\t\t<div class=\"elementor-container elementor-column-gap-default\">\n\t\t\t\t\t<div class=\"elementor-column elementor-col-100 elementor-top-column elementor-element elementor-element-ad5a9e9\" data-id=\"ad5a9e9\" data-element_type=\"column\">\n\t\t\t<div class=\"elementor-widget-wrap elementor-element-populated\">\n\t\t\t\t\t\t<div class=\"elementor-element elementor-element-a6124f0 elementor-widget elementor-widget-eltdf_section_title\" data-id=\"a6124f0\" data-element_type=\"widget\" data-widget_type=\"eltdf_section_title.default\">\n\t\t\t\t<div class=\"elementor-widget-container\">\n\t\t\t\t\t<div class=\"eltdf-section-title-holder  eltdf-st-standard eltdf-st-with-dots \" >\n\t<div class=\"eltdf-st-inner\">\n        <div class=\"eltdf-st-image\" >\n            <img loading=\"lazy\" decoding=\"async\" width=\"55\" height=\"63\" src=\"https:\/\/bodadeandreayjorge.es\/wp-content\/uploads\/2018\/10\/section-title-img-1.png\" class=\"attachment-full size-full\" alt=\"a\" \/>        <\/div>\n\t\t\t\t\t<h2 class=\"eltdf-st-title\" >\n\t\t\t\t<span class=\"eltdf-st-title-word\">Donde<\/span> <span class=\"eltdf-st-title-word\">Todo<\/span> <span class=\"eltdf-st-title-word\">Comenzar\u00e1\u2026<\/span>\t\t\t<\/h2>\n\t\t\t\t\t<\/div>\n<\/div>\t\t\t\t<\/div>\n\t\t\t\t<\/div>\n\t\t\t\t\t<\/div>\n\t\t<\/div>\n\t\t\t\t\t<\/div>\n\t\t<\/section>\n\t\t\t\t<section class=\"elementor-section elementor-top-section elementor-element elementor-element-f77f00c eltdf-elementor-row-grid-section elementor-section-boxed elementor-section-height-default elementor-section-height-default eltdf-parallax-row-no eltdf-content-aligment-left eltdf-disabled-bg-image-bellow-no\" data-id=\"f77f00c\" data-element_type=\"section\">\n\t\t\t\t\t\t<div class=\"elementor-container elementor-column-gap-default\">\n\t\t\t\t\t<div class=\"elementor-column elementor-col-100 elementor-top-column elementor-element elementor-element-ff53171\" data-id=\"ff53171\" data-element_type=\"column\">\n\t\t\t<div class=\"elementor-widget-wrap elementor-element-populated\">\n\t\t\t\t\t\t<div class=\"elementor-element elementor-element-4e0d248 elementor-widget elementor-widget-eltdf_image_gallery\" data-id=\"4e0d248\" data-element_type=\"widget\" data-widget_type=\"eltdf_image_gallery.default\">\n\t\t\t\t<div class=\"elementor-widget-container\">\n\t\t\t\t\t<div class=\"eltdf-image-gallery eltdf-grid-list eltdf-disable-bottom-space  eltdf-ig-grid-type eltdf-four-columns eltdf-normal-space  eltdf-image-behavior-lightbox\">\n\t<div class=\"eltdf-ig-inner eltdf-outer-space\">\n\t\t\t\t\t<div class=\"eltdf-ig-image eltdf-item-space\">\n\t\t\t\t<div class=\"eltdf-ig-image-inner\">\n\t\t\t\t\t\t\t\t\t\t\t<a itemprop=\"image\" class=\"eltdf-ig-lightbox\" href=\"https:\/\/bodadeandreayjorge.es\/wp-content\/uploads\/2025\/02\/WhatsApp-Image-2025-02-15-at-11.32.32.jpeg\" data-rel=\"prettyPhoto[image_gallery_pretty_photo-820]\" title=\"WhatsApp Image 2025-02-15 at 11.32.32\">\n\t\t\t\t\t\t\t\t\t\t\t<img loading=\"lazy\" decoding=\"async\" src=\"https:\/\/bodadeandreayjorge.es\/wp-content\/uploads\/2025\/02\/WhatsApp-Image-2025-02-15-at-11.32.32-400x300.jpeg\" alt=\"\" width=\"400\" height=\"300\" \/>\t\t\t\t\t\t\t\t\t\t\t<\/a>\n\t\t\t\t\t\t\t\t\t<\/div>\n\t\t\t<\/div>\n\t\t\t\t\t<div class=\"eltdf-ig-image eltdf-item-space\">\n\t\t\t\t<div class=\"eltdf-ig-image-inner\">\n\t\t\t\t\t\t\t\t\t\t\t<a itemprop=\"image\" class=\"eltdf-ig-lightbox\" href=\"https:\/\/bodadeandreayjorge.es\/wp-content\/uploads\/2025\/02\/WhatsApp-Image-2025-02-15-at-11.45.21.jpeg\" data-rel=\"prettyPhoto[image_gallery_pretty_photo-820]\" title=\"WhatsApp Image 2025-02-15 at 11.45.21\">\n\t\t\t\t\t\t\t\t\t\t\t<img loading=\"lazy\" decoding=\"async\" src=\"https:\/\/bodadeandreayjorge.es\/wp-content\/uploads\/2025\/02\/WhatsApp-Image-2025-02-15-at-11.45.21-400x300.jpeg\" alt=\"\" width=\"400\" height=\"300\" \/>\t\t\t\t\t\t\t\t\t\t\t<\/a>\n\t\t\t\t\t\t\t\t\t<\/div>\n\t\t\t<\/div>\n\t\t\t\t\t<div class=\"eltdf-ig-image eltdf-item-space\">\n\t\t\t\t<div class=\"eltdf-ig-image-inner\">\n\t\t\t\t\t\t\t\t\t\t\t<a itemprop=\"image\" class=\"eltdf-ig-lightbox\" href=\"https:\/\/bodadeandreayjorge.es\/wp-content\/uploads\/2025\/02\/WhatsApp-Image-2025-02-15-at-11.44.08.jpeg\" data-rel=\"prettyPhoto[image_gallery_pretty_photo-820]\" title=\"WhatsApp Image 2025-02-15 at 11.44.08\">\n\t\t\t\t\t\t\t\t\t\t\t<img loading=\"lazy\" decoding=\"async\" src=\"https:\/\/bodadeandreayjorge.es\/wp-content\/uploads\/2025\/02\/WhatsApp-Image-2025-02-15-at-11.44.08-400x300.jpeg\" alt=\"\" width=\"400\" height=\"300\" \/>\t\t\t\t\t\t\t\t\t\t\t<\/a>\n\t\t\t\t\t\t\t\t\t<\/div>\n\t\t\t<\/div>\n\t\t\t\t\t<div class=\"eltdf-ig-image eltdf-item-space\">\n\t\t\t\t<div class=\"eltdf-ig-image-inner\">\n\t\t\t\t\t\t\t\t\t\t\t<a itemprop=\"image\" class=\"eltdf-ig-lightbox\" href=\"https:\/\/bodadeandreayjorge.es\/wp-content\/uploads\/2025\/02\/WhatsApp-Image-2025-02-15-at-11.44.08-1.jpeg\" data-rel=\"prettyPhoto[image_gallery_pretty_photo-820]\" title=\"WhatsApp Image 2025-02-15 at 11.44.08 (1)\">\n\t\t\t\t\t\t\t\t\t\t\t<img loading=\"lazy\" decoding=\"async\" src=\"https:\/\/bodadeandreayjorge.es\/wp-content\/uploads\/2025\/02\/WhatsApp-Image-2025-02-15-at-11.44.08-1-400x300.jpeg\" alt=\"\" width=\"400\" height=\"300\" \/>\t\t\t\t\t\t\t\t\t\t\t<\/a>\n\t\t\t\t\t\t\t\t\t<\/div>\n\t\t\t<\/div>\n\t\t\t\t\t<div class=\"eltdf-ig-image eltdf-item-space\">\n\t\t\t\t<div class=\"eltdf-ig-image-inner\">\n\t\t\t\t\t\t\t\t\t\t\t<a itemprop=\"image\" class=\"eltdf-ig-lightbox\" href=\"https:\/\/bodadeandreayjorge.es\/wp-content\/uploads\/2025\/02\/WhatsApp-Image-2025-02-15-at-11.50.52.jpeg\" data-rel=\"prettyPhoto[image_gallery_pretty_photo-820]\" title=\"WhatsApp Image 2025-02-15 at 11.50.52\">\n\t\t\t\t\t\t\t\t\t\t\t<img loading=\"lazy\" decoding=\"async\" src=\"https:\/\/bodadeandreayjorge.es\/wp-content\/uploads\/2025\/02\/WhatsApp-Image-2025-02-15-at-11.50.52-400x300.jpeg\" alt=\"\" width=\"400\" height=\"300\" \/>\t\t\t\t\t\t\t\t\t\t\t<\/a>\n\t\t\t\t\t\t\t\t\t<\/div>\n\t\t\t<\/div>\n\t\t\t<\/div>\n<\/div>\t\t\t\t<\/div>\n\t\t\t\t<\/div>\n\t\t\t\t\t<\/div>\n\t\t<\/div>\n\t\t\t\t\t<\/div>\n\t\t<\/section>\n\t\t\t\t<section class=\"elementor-section elementor-top-section elementor-element elementor-element-8984085 elementor-section-full_width elementor-section-height-default elementor-section-height-default eltdf-parallax-row-no eltdf-content-aligment-left eltdf-elementor-row-grid-no eltdf-disabled-bg-image-bellow-no\" data-id=\"8984085\" data-element_type=\"section\">\n\t\t\t\t\t\t<div class=\"elementor-container elementor-column-gap-default\">\n\t\t\t\t\t<div class=\"elementor-column elementor-col-100 elementor-top-column elementor-element elementor-element-7650ed2\" data-id=\"7650ed2\" data-element_type=\"column\">\n\t\t\t<div class=\"elementor-widget-wrap elementor-element-populated\">\n\t\t\t\t\t\t<div class=\"elementor-element elementor-element-3c256e9 elementor-widget elementor-widget-eltdf_section_title\" data-id=\"3c256e9\" data-element_type=\"widget\" data-widget_type=\"eltdf_section_title.default\">\n\t\t\t\t<div class=\"elementor-widget-container\">\n\t\t\t\t\t<div class=\"eltdf-section-title-holder  eltdf-st-standard eltdf-st-with-dots \" >\n\t<div class=\"eltdf-st-inner\">\n        <div class=\"eltdf-st-image\" style=\"margin-bottom: -24px\">\n            <img loading=\"lazy\" decoding=\"async\" width=\"55\" height=\"63\" src=\"https:\/\/bodadeandreayjorge.es\/wp-content\/uploads\/2018\/10\/section-title-img-1.png\" class=\"attachment-full size-full\" alt=\"a\" \/>        <\/div>\n\t\t\t\t\t<h2 class=\"eltdf-st-title\" >\n\t\t\t\t<span class=\"eltdf-st-title-word\">Alojamientos<\/span>\t\t\t<\/h2>\n\t\t\t\t\t<\/div>\n<\/div>\t\t\t\t<\/div>\n\t\t\t\t<\/div>\n\t\t\t\t\t<\/div>\n\t\t<\/div>\n\t\t\t\t\t<\/div>\n\t\t<\/section>\n\t\t<div class=\"elementor-element elementor-element-b5f05ba e-flex e-con-boxed e-con e-parent\" data-id=\"b5f05ba\" data-element_type=\"container\">\n\t\t\t\t\t<div class=\"e-con-inner\">\n\t\t\t\t<div class=\"elementor-element elementor-element-08dbc97 elementor-widget elementor-widget-eltdf_pricing_table\" data-id=\"08dbc97\" data-element_type=\"widget\" data-widget_type=\"eltdf_pricing_table.default\">\n\t\t\t\t<div class=\"elementor-widget-container\">\n\t\t\t\t\t\t\t<div class=\"eltdf-pricing-tables eltdf-grid-list eltdf-disable-bottom-space clearfix eltdf-three-columns eltdf-normal-space\">\n\t\t\t<div class=\"eltdf-pt-wrapper eltdf-outer-space\">\n\t\t\t\t<div class=\"eltdf-price-table eltdf-item-space  \">\n\t<div class=\"eltdf-pt-inner\" >\n\t\t<ul>\n\t\t\t<li class=\"eltdf-pt-title-holder\">\n\t\t\t\t<span class=\"eltdf-pt-title\" >Hotel 1<\/span>\n\t\t\t<\/li>\n\t\t\t<li class=\"eltdf-pt-prices\">\n\t\t\t\t<sup class=\"eltdf-pt-value\" ><\/sup>\n\t\t\t\t<span class=\"eltdf-pt-price\" >Gran Hotel Espa\u00f1a<\/span>\n\t\t\t\t<span class=\"eltdf-pt-mark\" ><\/span>\n\t\t\t<\/li>\n\t\t\t<li class=\"eltdf-pt-content\">\n\t\t\t\tPara reservar, llamar directamente al hotel y confirmar que es para el enlace. Precio cerrado: 72\u20ac\/ noche.\t\t\t<\/li>\n\t\t\t\t\t\t\t<li class=\"eltdf-pt-button\">\n\t\t\t\t\t<a itemprop=\"url\" href=\"https:\/\/maps.app.goo.gl\/TKyc1pYyGhShBnks7?g_st=iw\" target=\"_self\"  class=\"eltdf-btn eltdf-btn-large eltdf-btn-simple\" >    <span class=\"eltdf-btn-text\">Ver localizaci\u00f3n<\/span>        \t        <span class=\"eltdf-btn-line\"><\/span>\t<\/a>\t\t\t\t<\/li>\t\t\t\t\n\t\t\t\t\t<\/ul>\n\t<\/div>\n<\/div><div class=\"eltdf-price-table eltdf-item-space  eltdf-pt-active-item\">\n\t<div class=\"eltdf-pt-inner\" style=\"background-image: url(&quot;https:\/\/bodadeandreayjorge.es\/wp-content\/uploads\/2018\/11\/h1-pricing-img.png&quot;)\">\n\t\t<ul>\n\t\t\t<li class=\"eltdf-pt-title-holder\">\n\t\t\t\t<span class=\"eltdf-pt-title\" >Hotel 2<\/span>\n\t\t\t<\/li>\n\t\t\t<li class=\"eltdf-pt-prices\">\n\t\t\t\t<sup class=\"eltdf-pt-value\" ><\/sup>\n\t\t\t\t<span class=\"eltdf-pt-price\" >Eurostars Reconquista<\/span>\n\t\t\t\t<span class=\"eltdf-pt-mark\" ><\/span>\n\t\t\t<\/li>\n\t\t\t<li class=\"eltdf-pt-content\">\n\t\t\t\tReserva por web con c\u00f3digo descuento ENLACEAYJ<br><br>\t\t\t<\/li>\n\t\t\t\t\t\t\t<li class=\"eltdf-pt-button\">\n\t\t\t\t\t<a itemprop=\"url\" href=\"https:\/\/maps.app.goo.gl\/LmvYD7j2D4ZGLCNGA?g_st=iw\" target=\"_self\"  class=\"eltdf-btn eltdf-btn-large eltdf-btn-simple\" >    <span class=\"eltdf-btn-text\">Ver localizaci\u00f3n<\/span>        \t        <span class=\"eltdf-btn-line\"><\/span>\t<\/a>\t\t\t\t<\/li>\t\t\t\t\n\t\t\t\t\t<\/ul>\n\t<\/div>\n<\/div><div class=\"eltdf-price-table eltdf-item-space  \">\n\t<div class=\"eltdf-pt-inner\" >\n\t\t<ul>\n\t\t\t<li class=\"eltdf-pt-title-holder\">\n\t\t\t\t<span class=\"eltdf-pt-title\" >Hotel 3<\/span>\n\t\t\t<\/li>\n\t\t\t<li class=\"eltdf-pt-prices\">\n\t\t\t\t<sup class=\"eltdf-pt-value\" ><\/sup>\n\t\t\t\t<span class=\"eltdf-pt-price\" >Exe Hotel El Magistral<\/span>\n\t\t\t\t<span class=\"eltdf-pt-mark\" ><\/span>\n\t\t\t<\/li>\n\t\t\t<li class=\"eltdf-pt-content\">\n\t\t\t\tReserva por web con c\u00f3digo descuento ENLACEAYJ.<br><br>\t\t\t<\/li>\n\t\t\t\t\t\t\t<li class=\"eltdf-pt-button\">\n\t\t\t\t\t<a itemprop=\"url\" href=\"https:\/\/maps.app.goo.gl\/iKyf7TWVqvoAY1Sm8?g_st=iw\" target=\"_self\"  class=\"eltdf-btn eltdf-btn-large eltdf-btn-simple\" >    <span class=\"eltdf-btn-text\">Ver localizaci\u00f3n<\/span>        \t        <span class=\"eltdf-btn-line\"><\/span>\t<\/a>\t\t\t\t<\/li>\t\t\t\t\n\t\t\t\t\t<\/ul>\n\t<\/div>\n<\/div>\t\t\t<\/div>\n\t\t<\/div>\n\n\t\t\t\t\t\t<\/div>\n\t\t\t\t<\/div>\n\t\t\t\t\t<\/div>\n\t\t\t\t<\/div>\n\t\t\t\t<section class=\"elementor-section elementor-top-section elementor-element elementor-element-19beb52 elementor-section-boxed elementor-section-height-default elementor-section-height-default eltdf-parallax-row-no eltdf-content-aligment-left eltdf-elementor-row-grid-no eltdf-disabled-bg-image-bellow-no\" data-id=\"19beb52\" data-element_type=\"section\" data-settings=\"{&quot;background_background&quot;:&quot;classic&quot;}\">\n\t\t\t\t\t\t<div class=\"elementor-container elementor-column-gap-default\">\n\t\t\t\t\t<div class=\"elementor-column elementor-col-100 elementor-top-column elementor-element elementor-element-579b03e\" data-id=\"579b03e\" data-element_type=\"column\">\n\t\t\t<div class=\"elementor-widget-wrap elementor-element-populated\">\n\t\t\t\t\t\t<div class=\"elementor-element elementor-element-f186177 elementor-widget elementor-widget-eltdf_custom_font\" data-id=\"f186177\" data-element_type=\"widget\" data-widget_type=\"eltdf_custom_font.default\">\n\t\t\t\t<div class=\"elementor-widget-container\">\n\t\t\t\t\t<h2 class=\"eltdf-custom-font-holder  eltdf-cf-1467  \" style=\"font-family: LearningCurve;font-size: 80px;line-height: 63px;letter-spacing: 0px;text-transform: capitalize;text-align: center;color: #FFFFFF\" data-item-class=\"eltdf-cf-1467\">\n\tConfirma tu asistencia<\/h2>\t\t\t\t<\/div>\n\t\t\t\t<\/div>\n\t\t\t\t<div class=\"elementor-element elementor-element-6397b98 elementor-widget elementor-widget-text-editor\" data-id=\"6397b98\" data-element_type=\"widget\" data-widget_type=\"text-editor.default\">\n\t\t\t\t<div class=\"elementor-widget-container\">\n\t\t\t\t\t\t\t\t\t<p style=\"text-align: center;\"><span style=\"color: #ffffff; font-size: 17px;\">Por favor responde antes del 1 de Junio de 2025<\/span><\/p>\t\t\t\t\t\t\t\t<\/div>\n\t\t\t\t<\/div>\n\t\t\t\t<div class=\"elementor-element elementor-element-387d915 elementor-widget__width-initial elementor-widget-mobile__width-initial elementor-widget elementor-widget-wp-widget-eltdf_contact_form_7_widget\" data-id=\"387d915\" data-element_type=\"widget\" data-widget_type=\"wp-widget-eltdf_contact_form_7_widget.default\">\n\t\t\t\t<div class=\"elementor-widget-container\">\n\t\t\t\t\t            <div class=\"widget eltdf-contact-form-7-widget \" >\n                                \n<div class=\"wpcf7 no-js\" id=\"wpcf7-f8974-o1\" lang=\"es-ES\" dir=\"ltr\" data-wpcf7-id=\"8974\">\n<div class=\"screen-reader-response\"><p role=\"status\" aria-live=\"polite\" aria-atomic=\"true\"><\/p> <ul><\/ul><\/div>\n<form action=\"\/index.php\/wp-json\/wp\/v2\/pages\/827#wpcf7-f8974-o1\" method=\"post\" class=\"wpcf7-form init\" aria-label=\"Formulario de contacto\" novalidate=\"novalidate\" data-status=\"init\">\n<div style=\"display: none;\">\n<input type=\"hidden\" name=\"_wpcf7\" value=\"8974\" \/>\n<input type=\"hidden\" name=\"_wpcf7_version\" value=\"6.0.4\" \/>\n<input type=\"hidden\" name=\"_wpcf7_locale\" value=\"es_ES\" \/>\n<input type=\"hidden\" name=\"_wpcf7_unit_tag\" value=\"wpcf7-f8974-o1\" \/>\n<input type=\"hidden\" name=\"_wpcf7_container_post\" value=\"0\" \/>\n<input type=\"hidden\" name=\"_wpcf7_posted_data_hash\" value=\"\" \/>\n<input type=\"hidden\" name=\"_wpcf7cf_hidden_group_fields\" value=\"[]\" \/>\n<input type=\"hidden\" name=\"_wpcf7cf_hidden_groups\" value=\"[]\" \/>\n<input type=\"hidden\" name=\"_wpcf7cf_visible_groups\" value=\"[]\" \/>\n<input type=\"hidden\" name=\"_wpcf7cf_repeaters\" value=\"[]\" \/>\n<input type=\"hidden\" name=\"_wpcf7cf_steps\" value=\"{}\" \/>\n<input type=\"hidden\" name=\"_wpcf7cf_options\" value=\"{&quot;form_id&quot;:8974,&quot;conditions&quot;:[{&quot;then_field&quot;:&quot;-1&quot;,&quot;and_rules&quot;:[{&quot;if_field&quot;:&quot;acompanante&quot;,&quot;operator&quot;:&quot;equals&quot;,&quot;if_value&quot;:&quot;S\\u00ed&quot;}]}],&quot;settings&quot;:{&quot;animation&quot;:&quot;yes&quot;,&quot;animation_intime&quot;:200,&quot;animation_outtime&quot;:200,&quot;conditions_ui&quot;:&quot;normal&quot;,&quot;notice_dismissed&quot;:false}}\" \/>\n<\/div>\n<div class=\"cf7-form-wrapper\">\n\n  <!-- NOMBRE Y APELLIDOS -->\n  <div class=\"form-row\">\n    <label for=\"nombre-apellidos\">Nombre y Apellidos<\/label><br \/>\n    <span class=\"wpcf7-form-control-wrap\" data-name=\"nombre-apellidos\"><input size=\"40\" maxlength=\"400\" class=\"wpcf7-form-control wpcf7-text wpcf7-validates-as-required cf7-text\" id=\"nombre-apellidos\" aria-required=\"true\" aria-invalid=\"false\" placeholder=\"Escribe aqu\u00ed tu nombre completo\" value=\"\" type=\"text\" name=\"nombre-apellidos\" \/><\/span>\n  <\/div>\n\n  <!-- ASISTIR\u00c1S CON ACOMPA\u00d1ANTE (L\u00d3GICA CONDICIONAL) -->\n  <div class=\"form-row\">\n    <label>\u00bfAsistir\u00e1s con acompa\u00f1ante?<\/label><br \/>\n    <span class=\"wpcf7-form-control-wrap\" data-name=\"acompanante\"><span class=\"wpcf7-form-control wpcf7-radio\"><span class=\"wpcf7-list-item first\"><input type=\"radio\" name=\"acompanante\" value=\"S\u00ed\" \/><span class=\"wpcf7-list-item-label\">S\u00ed<\/span><\/span><span class=\"wpcf7-list-item last\"><input type=\"radio\" name=\"acompanante\" value=\"No\" \/><span class=\"wpcf7-list-item-label\">No<\/span><\/span><\/span><\/span>\n\n  <\/div>\n\n  <div class=\"form-row\">\n    <label for=\"nameacompanante\">Nombre y Apellidos del acompa\u00f1ante<\/label><br \/>\n    <span class=\"wpcf7-form-control-wrap\" data-name=\"nameacompanante\"><input size=\"40\" maxlength=\"400\" class=\"wpcf7-form-control wpcf7-text cf7-text\" id=\"nameacompanante\" aria-invalid=\"false\" placeholder=\"Nombre completo del acompa\u00f1ante\" value=\"\" type=\"text\" name=\"nameacompanante\" \/><\/span>\n  <\/div>\n\n\n  <!-- A QU\u00c9 EVENTO(S) ASISTIR\u00c1S -->\n  <div class=\"form-row\">\n    <label>\u00bfA qu\u00e9 evento(s) asistir\u00e1s?<\/label><br \/>\n    <span class=\"wpcf7-form-control-wrap\" data-name=\"asistencia\"><span class=\"wpcf7-form-control wpcf7-checkbox\"><span class=\"wpcf7-list-item first\"><input type=\"checkbox\" name=\"asistencia[]\" value=\"Enlace\" \/><span class=\"wpcf7-list-item-label\">Enlace<\/span><\/span><span class=\"wpcf7-list-item last\"><input type=\"checkbox\" name=\"asistencia[]\" value=\"Preboda\" \/><span class=\"wpcf7-list-item-label\">Preboda<\/span><\/span><\/span><\/span>\n  <\/div>\n\n  <!-- NECESITAS AUTOB\u00daS -->\n  <div class=\"form-row\">\n    <label>\u00bfNecesitas autob\u00fas?<\/label><br \/>\n    <span class=\"wpcf7-form-control-wrap\" data-name=\"autobus\"><span class=\"wpcf7-form-control wpcf7-radio\"><span class=\"wpcf7-list-item first\"><input type=\"radio\" name=\"autobus\" value=\"S\u00ed\" \/><span class=\"wpcf7-list-item-label\">S\u00ed<\/span><\/span><span class=\"wpcf7-list-item last\"><input type=\"radio\" name=\"autobus\" value=\"No\" \/><span class=\"wpcf7-list-item-label\">No<\/span><\/span><\/span><\/span>\n  <\/div>\n\n<!-- ALERGIAS -->\n<div class=\"form-row\">\n  <label for=\"alergias\">\u00bfTienes alguna alergia o restricci\u00f3n alimenticia?<\/label><br \/>\n  <span class=\"wpcf7-form-control-wrap\" data-name=\"alergias\"><textarea cols=\"40\" rows=\"10\" maxlength=\"2000\" class=\"wpcf7-form-control wpcf7-textarea cf7-textarea\" id=\"alergias\" aria-invalid=\"false\" placeholder=\"\" name=\"alergias\"><\/textarea><\/span>\n<\/div>\n\n<!-- COMENTARIOS -->\n<div class=\"form-row\">\n  <label for=\"comentarios\">Comentarios adicionales<\/label><br \/>\n  <span class=\"wpcf7-form-control-wrap\" data-name=\"comentarios\"><textarea cols=\"40\" rows=\"10\" maxlength=\"2000\" class=\"wpcf7-form-control wpcf7-textarea cf7-textarea\" id=\"comentarios\" aria-invalid=\"false\" placeholder=\"D\u00e9janos aqu\u00ed tus comentarios o dudas\" name=\"comentarios\"><\/textarea><\/span>\n<\/div>\n\n  <!-- BOT\u00d3N DE ENV\u00cdO -->\n  <div class=\"form-row submit-row\">\n    <button class=\"wpcf7-form-control wpcf7-submit eltdf-btn eltdf-btn-medium eltdf-btn-solid\" type=\"submit\"><span class=\"eltdf-btn-text\">Enviar<\/span><span class=\"eltdf-btn-line eltdf-btn-line-top\"><\/span><span class=\"eltdf-btn-line eltdf-btn-line-right\"><\/span><span class=\"eltdf-btn-line eltdf-btn-line-bottom\"><\/span><span class=\"eltdf-btn-line eltdf-btn-line-left\"><\/span><\/button>\n  <\/div>\n\n<\/div><div class=\"wpcf7-response-output\" aria-hidden=\"true\"><\/div>\n<\/form>\n<\/div>\n            <\/div>\n            \t\t\t\t<\/div>\n\t\t\t\t<\/div>\n\t\t\t\t\t<\/div>\n\t\t<\/div>\n\t\t\t\t\t<\/div>\n\t\t<\/section>\n\t\t<div class=\"elementor-element elementor-element-91adbde e-flex e-con-boxed e-con e-parent\" data-id=\"91adbde\" data-element_type=\"container\">\n\t\t\t\t\t<div class=\"e-con-inner\">\n\t\t\t\t<div class=\"elementor-element elementor-element-a1f82a9 elementor-widget elementor-widget-eltdf_section_title\" data-id=\"a1f82a9\" data-element_type=\"widget\" data-widget_type=\"eltdf_section_title.default\">\n\t\t\t\t<div class=\"elementor-widget-container\">\n\t\t\t\t\t<div class=\"eltdf-section-title-holder  eltdf-st-standard  \" >\n\t<div class=\"eltdf-st-inner\">\n        <div class=\"eltdf-st-image\" >\n                    <\/div>\n\t\t\t\t\t<h3 class=\"eltdf-st-title\" >\n\t\t\t\t<span class=\"eltdf-st-title-word\">\ud83d\udccd<\/span> <span class=\"eltdf-st-title-word\">Nuestros<\/span> <span class=\"eltdf-st-title-word\">Rincones<\/span> <span class=\"eltdf-st-title-word\">Favoritos<\/span> <span class=\"eltdf-st-title-word\">de<\/span> Asturias \ud83d\udc95\t\t\t<\/h3>\n\t\t\t\t\t<\/div>\n<\/div>\t\t\t\t<\/div>\n\t\t\t\t<\/div>\n\t\t\t\t\t<\/div>\n\t\t\t\t<\/div>\n\t\t<div class=\"elementor-element elementor-element-f2082ef e-flex e-con-boxed e-con e-parent\" data-id=\"f2082ef\" data-element_type=\"container\">\n\t\t\t\t\t<div class=\"e-con-inner\">\n\t\t\t\t<div class=\"elementor-element elementor-element-5241469 elementor-widget elementor-widget-shortcode\" data-id=\"5241469\" data-element_type=\"widget\" data-widget_type=\"shortcode.default\">\n\t\t\t\t<div class=\"elementor-widget-container\">\n\t\t\t\t\t\t\t<div class=\"elementor-shortcode\"><div class=\"leaflet-map WPLeafletMap\" style=\"height:500px; width:100%;\"><\/div><script>\nwindow.WPLeafletMapPlugin = window.WPLeafletMapPlugin || [];\nwindow.WPLeafletMapPlugin.push(function WPLeafletMapShortcode() {\/*<script>*\/\nvar baseUrl = atob('aHR0cHM6Ly97c30udGlsZS5vcGVuc3RyZWV0bWFwLm9yZy97en0ve3h9L3t5fS5wbmc=');\nvar base = (!baseUrl && window.MQ) ?\n    window.MQ.mapLayer() : L.tileLayer(baseUrl,\n        L.Util.extend({}, {\n            detectRetina: 0,\n        },\n        {\"subdomains\":\"abc\",\"noWrap\":false,\"maxZoom\":19}        )\n    );\n    var options = L.Util.extend({}, {\n        layers: [base],\n        attributionControl: false\n    },\n    {\"zoomControl\":false,\"scrollWheelZoom\":false,\"doubleClickZoom\":false,\"fitBounds\":false,\"minZoom\":0,\"maxZoom\":19,\"maxBounds\":null,\"attribution\":\"<a href=\\\"http:\\\/\\\/leafletjs.com\\\" title=\\\"Una biblioteca JS para mapas interactivos\\\">Leaflet<\\\/a>; \\u00a9 <a href=\\\"http:\\\/\\\/www.openstreetmap.org\\\/copyright\\\">OpenStreetMap<\\\/a> colaboradores\"},\n    {});\nwindow.WPLeafletMapPlugin.createMap(options).setView([43.3614,-5.8593],8);});<\/script>\n\n<script>\nwindow.WPLeafletMapPlugin = window.WPLeafletMapPlugin || [];\nwindow.WPLeafletMapPlugin.push(function WPLeafletMarkerShortcode() {\/*<script>*\/\nvar map = window.WPLeafletMapPlugin.getCurrentMap();\nvar group = window.WPLeafletMapPlugin.getCurrentGroup();\nvar marker_options = window.WPLeafletMapPlugin.getIconOptions({});\nvar marker = L.marker(\n    [43.3614,-5.8593],\n    marker_options\n);\nvar is_image = map.is_image_map;\nif (marker_options.draggable) {\n    marker.on('dragend', function () {\n        var latlng = this.getLatLng();\n        var lat = latlng.lat;\n        var lng = latlng.lng;\n        if (is_image) {\n            console.log('leaflet-marker y=' + lat + ' x=' + lng);\n        } else {\n            console.log('leaflet-marker lat=' + lat + ' lng=' + lng);\n        }\n    });\n}\nmarker.addTo( group );\nmarker.bindPopup(window.WPLeafletMapPlugin.unescape(' &lt;br&gt;&lt;b&gt;Oviedo&lt;\/b&gt;&lt;br&gt;&lt;br&gt;Capital del Principado. Podr\u00e1s perderte por su casco antiguo y tomar unas sidras en la calle Gascona. &lt;br&gt;Tambi\u00e9n podr\u00e1s ver la ciudad desde el Cristo del Naranco, pasando por las iglesias prerrom\u00e1nicas de San Miguel de Lillo y Santa Mar\u00eda del Naranco.&lt;br&gt;&lt;br&gt;&lt;b&gt;Nuestras sidrer\u00edas favoritas:&lt;\/b&gt; El Ferroviario, Gato Negro, Marcelino, Casa Felix y La Corte.&lt;br&gt;'));window.WPLeafletMapPlugin.markers.push( marker );\n        });<\/script>\n\n<script>\nwindow.WPLeafletMapPlugin = window.WPLeafletMapPlugin || [];\nwindow.WPLeafletMapPlugin.push(function WPLeafletMarkerShortcode() {\/*<script>*\/\nvar map = window.WPLeafletMapPlugin.getCurrentMap();\nvar group = window.WPLeafletMapPlugin.getCurrentGroup();\nvar marker_options = window.WPLeafletMapPlugin.getIconOptions({});\nvar marker = L.marker(\n    [43.4236,-4.7543],\n    marker_options\n);\nvar is_image = map.is_image_map;\nif (marker_options.draggable) {\n    marker.on('dragend', function () {\n        var latlng = this.getLatLng();\n        var lat = latlng.lat;\n        var lng = latlng.lng;\n        if (is_image) {\n            console.log('leaflet-marker y=' + lat + ' x=' + lng);\n        } else {\n            console.log('leaflet-marker lat=' + lat + ' lng=' + lng);\n        }\n    });\n}\nmarker.addTo( group );\nmarker.bindPopup(window.WPLeafletMapPlugin.unescape(' &lt;br&gt;&lt;br&gt;&lt;b&gt;Llanes&lt;\/b&gt;&lt;br&gt;&lt;br&gt;Nuestro lugar m\u00e1s especial en Asturias. Podr\u00e1s disfrutar de nuestras playas favoritas en Barro, Celorio o Niembro. Las mejores puestas de sol las ver\u00e1s en el mirador de Torimbia. &lt;br&gt;&lt;br&gt;Recorre el puerto de Llanes y el Paseo De San Pedro. &lt;br&gt;&lt;br&gt;Disfruta de una buena cena en El Cuera o El Mirador de Tor\u00f3. Tambi\u00e9n puedes comer fabada y cachopo en Casa Xico.&lt;br&gt;'));window.WPLeafletMapPlugin.markers.push( marker );\n        });<\/script>\n\n<script>\nwindow.WPLeafletMapPlugin = window.WPLeafletMapPlugin || [];\nwindow.WPLeafletMapPlugin.push(function WPLeafletMarkerShortcode() {\/*<script>*\/\nvar map = window.WPLeafletMapPlugin.getCurrentMap();\nvar group = window.WPLeafletMapPlugin.getCurrentGroup();\nvar marker_options = window.WPLeafletMapPlugin.getIconOptions({});\nvar marker = L.marker(\n    [43.5325,-5.3994],\n    marker_options\n);\nvar is_image = map.is_image_map;\nif (marker_options.draggable) {\n    marker.on('dragend', function () {\n        var latlng = this.getLatLng();\n        var lat = latlng.lat;\n        var lng = latlng.lng;\n        if (is_image) {\n            console.log('leaflet-marker y=' + lat + ' x=' + lng);\n        } else {\n            console.log('leaflet-marker lat=' + lat + ' lng=' + lng);\n        }\n    });\n}\nmarker.addTo( group );\nmarker.bindPopup(window.WPLeafletMapPlugin.unescape(' &lt;br&gt;&lt;b&gt;Tazones&lt;\/b&gt;&lt;br&gt;&lt;br&gt;Pueblo marinero al lado de Villaviciosa, t\u00edpico por sus casas pintorescas.&lt;br&gt;&lt;br&gt;&lt;b&gt;Plan recomendado:&lt;\/b&gt; Combina un buen arroz con una visita previa a la f\u00e1brica de El Gaitero.&lt;br&gt;'));window.WPLeafletMapPlugin.markers.push( marker );\n        });<\/script>\n\n<script>\nwindow.WPLeafletMapPlugin = window.WPLeafletMapPlugin || [];\nwindow.WPLeafletMapPlugin.push(function WPLeafletMarkerShortcode() {\/*<script>*\/\nvar map = window.WPLeafletMapPlugin.getCurrentMap();\nvar group = window.WPLeafletMapPlugin.getCurrentGroup();\nvar marker_options = window.WPLeafletMapPlugin.getIconOptions({});\nvar marker = L.marker(\n    [43.5357,-5.6615],\n    marker_options\n);\nvar is_image = map.is_image_map;\nif (marker_options.draggable) {\n    marker.on('dragend', function () {\n        var latlng = this.getLatLng();\n        var lat = latlng.lat;\n        var lng = latlng.lng;\n        if (is_image) {\n            console.log('leaflet-marker y=' + lat + ' x=' + lng);\n        } else {\n            console.log('leaflet-marker lat=' + lat + ' lng=' + lng);\n        }\n    });\n}\nmarker.addTo( group );\nmarker.bindPopup(window.WPLeafletMapPlugin.unescape(' &lt;br&gt;&lt;b&gt;Gij\u00f3n&lt;\/b&gt;&lt;br&gt;&lt;br&gt;No vengas diciendo que te gusta m\u00e1s que Oviedo, pero para pasar un d\u00eda est\u00e1 estupendo.&lt;br&gt;&lt;br&gt;Podr\u00e1s ver El Molin\u00f3n, tambi\u00e9n son rojiblancos. Date un paseo por la playa de San Lorenzo y acaba con unas sidras por Cimadevilla.&lt;br&gt;&lt;br&gt;Tambi\u00e9n puedes conocer el puerto y tomarte el verm\u00fa en la Cuesta del Cholo.&lt;br&gt;'));window.WPLeafletMapPlugin.markers.push( marker );\n        });<\/script>\n\n<script>\nwindow.WPLeafletMapPlugin = window.WPLeafletMapPlugin || [];\nwindow.WPLeafletMapPlugin.push(function WPLeafletMarkerShortcode() {\/*<script>*\/\nvar map = window.WPLeafletMapPlugin.getCurrentMap();\nvar group = window.WPLeafletMapPlugin.getCurrentGroup();\nvar marker_options = window.WPLeafletMapPlugin.getIconOptions({});\nvar marker = L.marker(\n    [43.4611,-5.0596],\n    marker_options\n);\nvar is_image = map.is_image_map;\nif (marker_options.draggable) {\n    marker.on('dragend', function () {\n        var latlng = this.getLatLng();\n        var lat = latlng.lat;\n        var lng = latlng.lng;\n        if (is_image) {\n            console.log('leaflet-marker y=' + lat + ' x=' + lng);\n        } else {\n            console.log('leaflet-marker lat=' + lat + ' lng=' + lng);\n        }\n    });\n}\nmarker.addTo( group );\nmarker.bindPopup(window.WPLeafletMapPlugin.unescape(' &lt;br&gt;&lt;b&gt;Ribadesella&lt;\/b&gt;&lt;br&gt;&lt;br&gt;Entre Oviedo y Llanes puedes parar en Ribadesella. Si tienes tiempo, haz el descenso del Sella, empezando en Arriondas.&lt;br&gt;&lt;br&gt;&lt;b&gt;Recomendaciones gastron\u00f3micas:&lt;\/b&gt; Disfruta del marisco del Cant\u00e1brico en El Campanu o La Huertona.&lt;br&gt;&lt;br&gt;Para bajar la comida da un paseo por la playa de Santa Marina o el puerto. Tambi\u00e9n puedes subir, si eres fitness, a la ermita de La Gu\u00eda.&lt;br&gt;'));window.WPLeafletMapPlugin.markers.push( marker );\n        });<\/script>\n\n<script>\nwindow.WPLeafletMapPlugin = window.WPLeafletMapPlugin || [];\nwindow.WPLeafletMapPlugin.push(function WPLeafletMarkerShortcode() {\/*<script>*\/\nvar map = window.WPLeafletMapPlugin.getCurrentMap();\nvar group = window.WPLeafletMapPlugin.getCurrentGroup();\nvar marker_options = window.WPLeafletMapPlugin.getIconOptions({});\nvar marker = L.marker(\n    [43.5642,-6.1456],\n    marker_options\n);\nvar is_image = map.is_image_map;\nif (marker_options.draggable) {\n    marker.on('dragend', function () {\n        var latlng = this.getLatLng();\n        var lat = latlng.lat;\n        var lng = latlng.lng;\n        if (is_image) {\n            console.log('leaflet-marker y=' + lat + ' x=' + lng);\n        } else {\n            console.log('leaflet-marker lat=' + lat + ' lng=' + lng);\n        }\n    });\n}\nmarker.addTo( group );\nmarker.bindPopup(window.WPLeafletMapPlugin.unescape(' &lt;br&gt;&lt;b&gt;Cudillero&lt;\/b&gt;&lt;br&gt;&lt;br&gt;Si prefieres el occidente de Asturias, visita Cudillero, el faro de Cabo Vidio y la playa de El Silencio.&lt;br&gt;&lt;br&gt;Tambi\u00e9n te quedar\u00e1 cerca la ermita de La Regalina, en Cadavedo.&lt;br&gt;'));window.WPLeafletMapPlugin.markers.push( marker );\n        });<\/script>\n<\/div>\n\t\t\t\t\t\t<\/div>\n\t\t\t\t<\/div>\n\t\t\t\t\t<\/div>\n\t\t\t\t<\/div>\n\t\t<div class=\"elementor-element elementor-element-c2ec872 e-flex e-con-boxed e-con e-parent\" data-id=\"c2ec872\" data-element_type=\"container\">\n\t\t\t\t\t<div class=\"e-con-inner\">\n\t\t\t\t<div class=\"elementor-element elementor-element-a6525e9 numero_cc elementor-widget elementor-widget-eltdf_section_title\" data-id=\"a6525e9\" data-element_type=\"widget\" data-widget_type=\"eltdf_section_title.default\">\n\t\t\t\t<div class=\"elementor-widget-container\">\n\t\t\t\t\t<div class=\"eltdf-section-title-holder  eltdf-st-standard  \" >\n\t<div class=\"eltdf-st-inner\">\n        <div class=\"eltdf-st-image\" >\n                    <\/div>\n\t\t\t\t\t<h3 class=\"eltdf-st-title\" >\n\t\t\t\t<span class=\"eltdf-st-title-word\">Tu<\/span> <span class=\"eltdf-st-title-word\">presencia<\/span> <span class=\"eltdf-st-title-word\">es<\/span> <span class=\"eltdf-st-title-word\">nuestro<\/span> <span class=\"eltdf-st-title-word\">mejor<\/span> <span class=\"eltdf-st-title-word\">regalo,<\/span> <span class=\"eltdf-st-title-word\">pero<\/span> <span class=\"eltdf-st-title-word\">si<\/span> <span class=\"eltdf-st-title-word\">deseas<\/span> <span class=\"eltdf-st-title-word\">ayudarnos<\/span> <span class=\"eltdf-st-title-word\">a<\/span> <span class=\"eltdf-st-title-word\">comenzar<\/span> <span class=\"eltdf-st-title-word\">esta<\/span> <span class=\"eltdf-st-title-word\">nueva<\/span> <span class=\"eltdf-st-title-word\">aventura...<\/span>\t\t\t<\/h3>\n\t\t\t\t\t\t\t<span class=\"eltdf-st-text\" style=\"font-size: 29px;line-height: 40px\">\n\t\t\t\tES77 1583 0001 1291 0020 3559\t\t\t<\/span>\n\t\t\t<\/div>\n<\/div>\t\t\t\t<\/div>\n\t\t\t\t<\/div>\n\t\t\t\t\t<\/div>\n\t\t\t\t<\/div>\n\t\t\t\t<\/div>\n\t\t","protected":false},"excerpt":{"rendered":"<p>Save the date Tras un flechazo en Tarifa y despu\u00e9s de hacer rica a Volotea\u2026\u00a1NOS CASAMOS!Estamos deseando compartir con vosotros este momento tan especial. En esta p\u00e1gina encontrar\u00e9is toda la informaci\u00f3n necesaria, desde detalles sobre la ceremonia hasta recomendaciones para [&hellip;]<\/p>\n","protected":false},"author":1,"featured_media":8720,"parent":0,"menu_order":0,"comment_status":"closed","ping_status":"closed","template":"full-width.php","meta":{"footnotes":""},"class_list":["post-827","page","type-page","status-publish","has-post-thumbnail","hentry"],"yoast_head":"<!-- This site is optimized with the Yoast SEO plugin v24.5 - https:\/\/yoast.com\/wordpress\/plugins\/seo\/ -->\n<title>Save the date - Boda de Andrea &amp; Jorge<\/title>\n<meta name=\"description\" content=\"Estamos deseando compartir contigo este momento tan especial\" \/>\n<meta name=\"robots\" content=\"index, follow, max-snippet:-1, max-image-preview:large, max-video-preview:-1\" \/>\n<link rel=\"canonical\" href=\"https:\/\/bodadeandreayjorge.es\/\" \/>\n<meta property=\"og:locale\" content=\"es_ES\" \/>\n<meta property=\"og:type\" content=\"article\" \/>\n<meta property=\"og:title\" content=\"Save the date - Boda de Andrea &amp; Jorge\" \/>\n<meta property=\"og:description\" content=\"Estamos deseando compartir contigo este momento tan especial\" \/>\n<meta property=\"og:url\" content=\"https:\/\/bodadeandreayjorge.es\/\" \/>\n<meta property=\"og:site_name\" content=\"Boda de Andrea &amp; Jorge\" \/>\n<meta property=\"article:modified_time\" content=\"2025-03-01T16:18:12+00:00\" \/>\n<meta property=\"og:image\" content=\"https:\/\/bodadeandreayjorge.es\/wp-content\/uploads\/2025\/02\/WhatsApp-Image-2025-02-15-at-11.21.13.jpeg\" \/>\n\t<meta property=\"og:image:width\" content=\"2048\" \/>\n\t<meta property=\"og:image:height\" content=\"1536\" \/>\n\t<meta property=\"og:image:type\" content=\"image\/jpeg\" \/>\n<meta name=\"twitter:card\" content=\"summary_large_image\" \/>\n<meta name=\"twitter:label1\" content=\"Tiempo de lectura\" \/>\n\t<meta name=\"twitter:data1\" content=\"4 minutos\" \/>\n<script type=\"application\/ld+json\" class=\"yoast-schema-graph\">{\"@context\":\"https:\/\/schema.org\",\"@graph\":[{\"@type\":\"WebPage\",\"@id\":\"https:\/\/bodadeandreayjorge.es\/\",\"url\":\"https:\/\/bodadeandreayjorge.es\/\",\"name\":\"Save the date - Boda de Andrea &amp; Jorge\",\"isPartOf\":{\"@id\":\"https:\/\/bodadeandreayjorge.es\/#website\"},\"primaryImageOfPage\":{\"@id\":\"https:\/\/bodadeandreayjorge.es\/#primaryimage\"},\"image\":{\"@id\":\"https:\/\/bodadeandreayjorge.es\/#primaryimage\"},\"thumbnailUrl\":\"https:\/\/bodadeandreayjorge.es\/wp-content\/uploads\/2025\/02\/WhatsApp-Image-2025-02-15-at-11.21.13.jpeg\",\"datePublished\":\"2018-10-31T08:34:53+00:00\",\"dateModified\":\"2025-03-01T16:18:12+00:00\",\"description\":\"Estamos deseando compartir contigo este momento tan especial\",\"breadcrumb\":{\"@id\":\"https:\/\/bodadeandreayjorge.es\/#breadcrumb\"},\"inLanguage\":\"es\",\"potentialAction\":[{\"@type\":\"ReadAction\",\"target\":[\"https:\/\/bodadeandreayjorge.es\/\"]}]},{\"@type\":\"ImageObject\",\"inLanguage\":\"es\",\"@id\":\"https:\/\/bodadeandreayjorge.es\/#primaryimage\",\"url\":\"https:\/\/bodadeandreayjorge.es\/wp-content\/uploads\/2025\/02\/WhatsApp-Image-2025-02-15-at-11.21.13.jpeg\",\"contentUrl\":\"https:\/\/bodadeandreayjorge.es\/wp-content\/uploads\/2025\/02\/WhatsApp-Image-2025-02-15-at-11.21.13.jpeg\",\"width\":2048,\"height\":1536},{\"@type\":\"BreadcrumbList\",\"@id\":\"https:\/\/bodadeandreayjorge.es\/#breadcrumb\",\"itemListElement\":[{\"@type\":\"ListItem\",\"position\":1,\"name\":\"Portada\",\"item\":\"https:\/\/bodadeandreayjorge.es\/\"},{\"@type\":\"ListItem\",\"position\":2,\"name\":\"Save the date\"}]},{\"@type\":\"WebSite\",\"@id\":\"https:\/\/bodadeandreayjorge.es\/#website\",\"url\":\"https:\/\/bodadeandreayjorge.es\/\",\"name\":\"Boda de Andrea &amp; Jorge\",\"description\":\"\",\"potentialAction\":[{\"@type\":\"SearchAction\",\"target\":{\"@type\":\"EntryPoint\",\"urlTemplate\":\"https:\/\/bodadeandreayjorge.es\/?s={search_term_string}\"},\"query-input\":{\"@type\":\"PropertyValueSpecification\",\"valueRequired\":true,\"valueName\":\"search_term_string\"}}],\"inLanguage\":\"es\"}]}<\/script>\n<!-- \/ Yoast SEO plugin. -->","yoast_head_json":{"title":"Save the date - Boda de Andrea &amp; Jorge","description":"Estamos deseando compartir contigo este momento tan especial","robots":{"index":"index","follow":"follow","max-snippet":"max-snippet:-1","max-image-preview":"max-image-preview:large","max-video-preview":"max-video-preview:-1"},"canonical":"https:\/\/bodadeandreayjorge.es\/","og_locale":"es_ES","og_type":"article","og_title":"Save the date - Boda de Andrea &amp; Jorge","og_description":"Estamos deseando compartir contigo este momento tan especial","og_url":"https:\/\/bodadeandreayjorge.es\/","og_site_name":"Boda de Andrea &amp; Jorge","article_modified_time":"2025-03-01T16:18:12+00:00","og_image":[{"width":2048,"height":1536,"url":"https:\/\/bodadeandreayjorge.es\/wp-content\/uploads\/2025\/02\/WhatsApp-Image-2025-02-15-at-11.21.13.jpeg","type":"image\/jpeg"}],"twitter_card":"summary_large_image","twitter_misc":{"Tiempo de lectura":"4 minutos"},"schema":{"@context":"https:\/\/schema.org","@graph":[{"@type":"WebPage","@id":"https:\/\/bodadeandreayjorge.es\/","url":"https:\/\/bodadeandreayjorge.es\/","name":"Save the date - Boda de Andrea &amp; Jorge","isPartOf":{"@id":"https:\/\/bodadeandreayjorge.es\/#website"},"primaryImageOfPage":{"@id":"https:\/\/bodadeandreayjorge.es\/#primaryimage"},"image":{"@id":"https:\/\/bodadeandreayjorge.es\/#primaryimage"},"thumbnailUrl":"https:\/\/bodadeandreayjorge.es\/wp-content\/uploads\/2025\/02\/WhatsApp-Image-2025-02-15-at-11.21.13.jpeg","datePublished":"2018-10-31T08:34:53+00:00","dateModified":"2025-03-01T16:18:12+00:00","description":"Estamos deseando compartir contigo este momento tan especial","breadcrumb":{"@id":"https:\/\/bodadeandreayjorge.es\/#breadcrumb"},"inLanguage":"es","potentialAction":[{"@type":"ReadAction","target":["https:\/\/bodadeandreayjorge.es\/"]}]},{"@type":"ImageObject","inLanguage":"es","@id":"https:\/\/bodadeandreayjorge.es\/#primaryimage","url":"https:\/\/bodadeandreayjorge.es\/wp-content\/uploads\/2025\/02\/WhatsApp-Image-2025-02-15-at-11.21.13.jpeg","contentUrl":"https:\/\/bodadeandreayjorge.es\/wp-content\/uploads\/2025\/02\/WhatsApp-Image-2025-02-15-at-11.21.13.jpeg","width":2048,"height":1536},{"@type":"BreadcrumbList","@id":"https:\/\/bodadeandreayjorge.es\/#breadcrumb","itemListElement":[{"@type":"ListItem","position":1,"name":"Portada","item":"https:\/\/bodadeandreayjorge.es\/"},{"@type":"ListItem","position":2,"name":"Save the date"}]},{"@type":"WebSite","@id":"https:\/\/bodadeandreayjorge.es\/#website","url":"https:\/\/bodadeandreayjorge.es\/","name":"Boda de Andrea &amp; Jorge","description":"","potentialAction":[{"@type":"SearchAction","target":{"@type":"EntryPoint","urlTemplate":"https:\/\/bodadeandreayjorge.es\/?s={search_term_string}"},"query-input":{"@type":"PropertyValueSpecification","valueRequired":true,"valueName":"search_term_string"}}],"inLanguage":"es"}]}},"_links":{"self":[{"href":"https:\/\/bodadeandreayjorge.es\/index.php\/wp-json\/wp\/v2\/pages\/827","targetHints":{"allow":["GET"]}}],"collection":[{"href":"https:\/\/bodadeandreayjorge.es\/index.php\/wp-json\/wp\/v2\/pages"}],"about":[{"href":"https:\/\/bodadeandreayjorge.es\/index.php\/wp-json\/wp\/v2\/types\/page"}],"author":[{"embeddable":true,"href":"https:\/\/bodadeandreayjorge.es\/index.php\/wp-json\/wp\/v2\/users\/1"}],"replies":[{"embeddable":true,"href":"https:\/\/bodadeandreayjorge.es\/index.php\/wp-json\/wp\/v2\/comments?post=827"}],"version-history":[{"count":178,"href":"https:\/\/bodadeandreayjorge.es\/index.php\/wp-json\/wp\/v2\/pages\/827\/revisions"}],"predecessor-version":[{"id":9127,"href":"https:\/\/bodadeandreayjorge.es\/index.php\/wp-json\/wp\/v2\/pages\/827\/revisions\/9127"}],"wp:featuredmedia":[{"embeddable":true,"href":"https:\/\/bodadeandreayjorge.es\/index.php\/wp-json\/wp\/v2\/media\/8720"}],"wp:attachment":[{"href":"https:\/\/bodadeandreayjorge.es\/index.php\/wp-json\/wp\/v2\/media?parent=827"}],"curies":[{"name":"wp","href":"https:\/\/api.w.org\/{rel}","templated":true}]}}